{"id":20713,"date":"2025-11-28T11:56:28","date_gmt":"2025-11-28T10:56:28","guid":{"rendered":"https:\/\/www.bellingua.ch\/?page_id=20713"},"modified":"2025-12-20T11:25:49","modified_gmt":"2025-12-20T10:25:49","slug":"german-courses-zurich","status":"publish","type":"page","link":"https:\/\/www.bellingua.ch\/en\/german-courses-zurich\/","title":{"rendered":"German Courses Zurich"},"content":{"rendered":"<p>[et_pb_section fb_built=&#8221;1&#8243; admin_label=&#8221;section&#8221; _builder_version=&#8221;4.16&#8243; global_colors_info=&#8221;{}&#8221;][et_pb_row admin_label=&#8221;row&#8221; _builder_version=&#8221;4.27.4&#8243; background_size=&#8221;initial&#8221; background_position=&#8221;top_left&#8221; background_repeat=&#8221;repeat&#8221; custom_margin=&#8221;0px|auto|0px|auto|false|false&#8221; custom_padding=&#8221;0px||0px||false|false&#8221; global_colors_info=&#8221;{}&#8221;][et_pb_column type=&#8221;4_4&#8243; _builder_version=&#8221;4.16&#8243; custom_padding=&#8221;|||&#8221; global_colors_info=&#8221;{}&#8221; custom_padding__hover=&#8221;|||&#8221;][et_pb_video src=&#8221;https:\/\/www.bellingua.ch\/wp-content\/uploads\/2022\/06\/Landing-Page-2022-E-V5-kurz.mp4&#8243; module_class=&#8221;dm-autoplay-btn&#8221; _builder_version=&#8221;4.20.0&#8243; _module_preset=&#8221;default&#8221; custom_margin=&#8221;||60px||false|false&#8221; locked=&#8221;off&#8221; global_colors_info=&#8221;{}&#8221;][\/et_pb_video][et_pb_text _builder_version=&#8221;4.27.4&#8243; _module_preset=&#8221;default&#8221; custom_margin=&#8221;30px||||false|false&#8221; global_colors_info=&#8221;{}&#8221;]<\/p>\n<h1 style=\"text-align: left;\">German courses Zurich: Learn German with Bellingua Language School<\/h1>\n<p style=\"text-align: left;\">Bellingua is a <a href=\"https:\/\/www.bellingua.ch\/en\/impressions\/our-school\/\">unique language school<\/a> located in the center of Zurich, just a <strong>5 minutes&#8217; walk from the main train station<\/strong>. For 20 years, we have been offering a wide range of German courses <strong>specifically designed for fast-learning adults<\/strong>. With our current teaching methods, <strong>tradition meets modernity<\/strong>. Choose the German course that suits you best from the course options below, and we look forward to seeing you soon for your first lesson, either in person or remotely.<\/p>\n<p>[\/et_pb_text][et_pb_divider disabled_on=&#8221;off|off|off&#8221; _builder_version=&#8221;4.27.4&#8243; _module_preset=&#8221;default&#8221; custom_margin=&#8221;30px||30px||false|false&#8221; locked=&#8221;off&#8221; global_colors_info=&#8221;{}&#8221;][\/et_pb_divider][\/et_pb_column][\/et_pb_row][et_pb_row _builder_version=&#8221;4.27.4&#8243; custom_margin=&#8221;0px||||false|false&#8221; custom_padding=&#8221;0px||||false|false&#8221; locked=&#8221;off&#8221; global_colors_info=&#8221;{}&#8221;][et_pb_column type=&#8221;4_4&#8243; _builder_version=&#8221;4.16&#8243; global_colors_info=&#8221;{}&#8221;][et_pb_text content_last_edited=&#8221;off|desktop&#8221; _builder_version=&#8221;4.27.4&#8243; custom_margin=&#8221;||||false|false&#8221; global_colors_info=&#8221;{}&#8221;]<\/p>\n<h1 style=\"text-align: left;\">Why choose Bellingua German language school?<\/h1>\n<p>[\/et_pb_text][\/et_pb_column][\/et_pb_row][et_pb_row column_structure=&#8221;1_3,1_3,1_3&#8243; disabled_on=&#8221;off|off|off&#8221; _builder_version=&#8221;4.27.4&#8243; custom_margin=&#8221;||0px||false|false&#8221; custom_padding=&#8221;||||false|false&#8221; locked=&#8221;off&#8221; global_colors_info=&#8221;{}&#8221;][et_pb_column type=&#8221;1_3&#8243; _builder_version=&#8221;4.16&#8243; global_colors_info=&#8221;{}&#8221;][et_pb_toggle title=&#8221;Success guarantee&#8221; open_toggle_text_color=&#8221;#990066&#8243; open_toggle_background_color=&#8221;#FFFFFF&#8221; icon_color=&#8221;#990066&#8243; open_icon_color=&#8221;#990066&#8243; disabled_on=&#8221;off|off|off&#8221; _builder_version=&#8221;4.27.4&#8243; title_text_color=&#8221;#990066&#8243; title_level=&#8221;h3&#8243; title_font=&#8221;||||||||&#8221; title_text_align=&#8221;left&#8221; background_color=&#8221;#f4f4f4&#8243; text_orientation=&#8221;left&#8221; module_alignment=&#8221;left&#8221; min_height=&#8221;55px&#8221; custom_padding=&#8221;6px|20px|6px|20px|true|true&#8221; custom_css_toggle_icon=&#8221;position:absolute;&#8221; custom_css_toggle_content=&#8221;padding-left:0;&#8221; border_style_all=&#8221;solid&#8221; border_style_left=&#8221;solid&#8221; global_colors_info=&#8221;{}&#8221;]<\/p>\n<p>Our methodology is well thought out, clearly structured and based on the principles that demanding learners appreciate \u2013 logically structured with a focus on clear rules and correct application.<\/p>\n<p>[\/et_pb_toggle][\/et_pb_column][et_pb_column type=&#8221;1_3&#8243; _builder_version=&#8221;4.16&#8243; global_colors_info=&#8221;{}&#8221;][et_pb_toggle title=&#8221;Efficiency&#8221; open_toggle_text_color=&#8221;#990066&#8243; open_toggle_background_color=&#8221;#FFFFFF&#8221; icon_color=&#8221;#990066&#8243; open_icon_color=&#8221;#990066&#8243; disabled_on=&#8221;off|off|off&#8221; _builder_version=&#8221;4.27.4&#8243; title_text_color=&#8221;#990066&#8243; title_level=&#8221;h3&#8243; title_font=&#8221;||||||||&#8221; background_color=&#8221;#f4f4f4&#8243; min_height=&#8221;55px&#8221; custom_padding=&#8221;6px|20px|6px|20px|true|true&#8221; custom_css_toggle_icon=&#8221;position:absolute;&#8221; custom_css_toggle_content=&#8221;padding-left:0;&#8221; border_style_all=&#8221;solid&#8221; border_style_left=&#8221;solid&#8221; global_colors_info=&#8221;{}&#8221;]<\/p>\n<p>Our school is designed for <strong>adults with a strong academic background<\/strong> who appreciate a well-organised and goal-oriented way of learning.<\/p>\n<p>Our <strong>learning atmosphere is challenging but comfortable<\/strong> \u2013 because we create an environment in which learning is exciting, as everyone wants to develop in the same way.<\/p>\n<p>[\/et_pb_toggle][\/et_pb_column][et_pb_column type=&#8221;1_3&#8243; _builder_version=&#8221;4.16&#8243; global_colors_info=&#8221;{}&#8221;][et_pb_toggle title=&#8221;Flexibility&#8221; open_toggle_text_color=&#8221;#990066&#8243; open_toggle_background_color=&#8221;#FFFFFF&#8221; icon_color=&#8221;#990066&#8243; open_icon_color=&#8221;#990066&#8243; disabled_on=&#8221;off|off|off&#8221; _builder_version=&#8221;4.27.4&#8243; title_text_color=&#8221;#990066&#8243; title_level=&#8221;h3&#8243; title_font=&#8221;||||||||&#8221; title_text_align=&#8221;left&#8221; background_color=&#8221;#f4f4f4&#8243; text_orientation=&#8221;left&#8221; module_alignment=&#8221;left&#8221; min_height=&#8221;55px&#8221; custom_padding=&#8221;6px|20px|6px|20px|true|true&#8221; custom_css_toggle_icon=&#8221;position:absolute;&#8221; custom_css_toggle_content=&#8221;padding-left:0;&#8221; border_style_all=&#8221;solid&#8221; border_style_left=&#8221;solid&#8221; global_colors_info=&#8221;{}&#8221;]<\/p>\n<p>All <strong>courses are hybrid<\/strong>. Lessons can be held on site or online, depending on personal preference. All <strong>contracts can be terminated<\/strong> and the <strong>course length is flexible<\/strong>. Our school offers learning without obligations but with full support.<\/p>\n<p>[\/et_pb_toggle][\/et_pb_column][\/et_pb_row][et_pb_row column_structure=&#8221;1_3,1_3,1_3&#8243; disabled_on=&#8221;off|off|off&#8221; _builder_version=&#8221;4.27.4&#8243; custom_margin=&#8221;0px||||false|false&#8221; custom_padding=&#8221;||||false|false&#8221; locked=&#8221;off&#8221; global_colors_info=&#8221;{}&#8221;][et_pb_column type=&#8221;1_3&#8243; _builder_version=&#8221;4.16&#8243; global_colors_info=&#8221;{}&#8221;][et_pb_toggle title=&#8221;Wide range of courses&#8221; open_toggle_text_color=&#8221;#990066&#8243; open_toggle_background_color=&#8221;#FFFFFF&#8221; icon_color=&#8221;#990066&#8243; open_icon_color=&#8221;#990066&#8243; disabled_on=&#8221;off|off|off&#8221; _builder_version=&#8221;4.27.4&#8243; title_text_color=&#8221;#990066&#8243; title_level=&#8221;h3&#8243; title_font=&#8221;||||||||&#8221; title_text_align=&#8221;left&#8221; background_color=&#8221;#f4f4f4&#8243; text_orientation=&#8221;left&#8221; module_alignment=&#8221;left&#8221; min_height=&#8221;55px&#8221; custom_padding=&#8221;6px|20px|6px|20px|true|true&#8221; custom_css_toggle_icon=&#8221;position:absolute;&#8221; custom_css_toggle_content=&#8221;padding-left:0;&#8221; border_style_all=&#8221;solid&#8221; border_style_left=&#8221;solid&#8221; global_colors_info=&#8221;{}&#8221;]<\/p>\n<p>We offer a diverse range of courses that promote different strengths. Group courses can be chosen as \u201cFocus Precision\u201d or \u201cFocus Communication.\u201d<\/p>\n<p><strong>\u201cFocus Precision\u201d<\/strong> is perfect for anyone who wants to master the language down to the last detail. This course provides a solid linguistic foundation for long-term confidence. The focus is on internalizing grammar and using it confidently. Through logical explanations, you learn to apply grammar intuitively instead of just memorizing it.<\/p>\n<p><strong>\u201cFocus Communication\u201d<\/strong> is ideal for developing communication skills. In this course, you learn to improve your expression through refined word choice and achieve a more sophisticated level of language. The goal is to be able to clearly formulate complex thoughts and use them correctly in demanding speaking situations.<\/p>\n<p>Our course models include <a href=\"https:\/\/www.bellingua.ch\/en\/classes\/german-intensive-course-zurich\/\">Intensive Courses<\/a> (5 days and 20 lessons per week), <a href=\"https:\/\/www.bellingua.ch\/en\/classes\/semi-intensive-course-part-time\/\">Semi-intensive Courses<\/a> in the afternoon or evening (2 days and 6 to 8 lessons per week), <a href=\"https:\/\/www.bellingua.ch\/en\/classes\/flexcourse-evening-1-x-per-week\/\">Flex Courses<\/a> in the evening (1 day, 6 lessons per week), and <a href=\"https:\/\/www.bellingua.ch\/en\/classes\/german-private-lessons-zurich\/\">private lessons<\/a>.<\/p>\n<p>All our German courses are based on the Common European Framework of Reference for Languages, which divides levels into A1, A2, B1, B2, C1, and C2 for beginners and advanced learners.<\/p>\n<p>[\/et_pb_toggle][\/et_pb_column][et_pb_column type=&#8221;1_3&#8243; _builder_version=&#8221;4.16&#8243; global_colors_info=&#8221;{}&#8221;][et_pb_toggle title=&#8221;Free Lunchtime Conversation Classes&#8221; open_toggle_text_color=&#8221;#990066&#8243; open_toggle_background_color=&#8221;#FFFFFF&#8221; icon_color=&#8221;#990066&#8243; open_icon_color=&#8221;#990066&#8243; disabled_on=&#8221;off|off|off&#8221; _builder_version=&#8221;4.27.4&#8243; title_text_color=&#8221;#990066&#8243; title_level=&#8221;h3&#8243; title_font=&#8221;||||||||&#8221; background_color=&#8221;#f4f4f4&#8243; min_height=&#8221;55px&#8221; custom_padding=&#8221;6px|20px|6px|20px|true|true&#8221; custom_css_toggle_icon=&#8221;position:absolute;&#8221; custom_css_toggle_content=&#8221;padding-left:0;&#8221; border_style_all=&#8221;solid&#8221; border_style_left=&#8221;solid&#8221; global_colors_info=&#8221;{}&#8221;]<\/p>\n<p>As a free offer for our course participants, we offer a <a href=\"https:\/\/www.bellingua.ch\/en\/free-video-conversation-classes\/\">conversation class at lunchtime<\/a>. Our goal is to improve the oral expression of our course participants and to apply the knowledge learned in the course. The given topics allow for consolidation of vocabulary as well as training of different forms of conversation.<\/p>\n<p>Further information on the dates and scope of the conversation class can be found <a href=\"https:\/\/www.bellingua.ch\/en\/free-video-conversation-classes\/\">here<\/a>.<\/p>\n<p>[\/et_pb_toggle][\/et_pb_column][et_pb_column type=&#8221;1_3&#8243; _builder_version=&#8221;4.16&#8243; global_colors_info=&#8221;{}&#8221;][et_pb_toggle title=&#8221;Free Placement Test&#8221; open_toggle_text_color=&#8221;#990066&#8243; open_toggle_background_color=&#8221;#FFFFFF&#8221; icon_color=&#8221;#990066&#8243; open_icon_color=&#8221;#990066&#8243; disabled_on=&#8221;off|off|off&#8221; _builder_version=&#8221;4.27.4&#8243; title_text_color=&#8221;#990066&#8243; title_level=&#8221;h3&#8243; title_font=&#8221;||||||||&#8221; title_text_align=&#8221;left&#8221; background_color=&#8221;#f4f4f4&#8243; text_orientation=&#8221;left&#8221; module_alignment=&#8221;left&#8221; min_height=&#8221;55px&#8221; custom_padding=&#8221;6px|20px|6px|20px|true|true&#8221; custom_css_toggle_icon=&#8221;position:absolute;&#8221; custom_css_toggle_content=&#8221;padding-left:0;&#8221; border_style_all=&#8221;solid&#8221; border_style_left=&#8221;solid&#8221; global_colors_info=&#8221;{}&#8221;]<\/p>\n<p>Our free placement tests help us determine which level is ideal for you to start at. The basic level consists of levels A1, A2, and B1. The advanced levels are B2, C1, and C2.<\/p>\n<p>Depending on the level, the test takes about 20 minutes and is corrected and evaluated by selected teachers. The results are usually discussed 1 to 2 days later and include our course recommendation. For maximum flexibility, we offer the option of taking the placement test either on site or conveniently from home online.<\/p>\n<p>[\/et_pb_toggle][\/et_pb_column][\/et_pb_row][et_pb_row column_structure=&#8221;1_3,1_3,1_3&#8243; disabled_on=&#8221;on|on|on&#8221; _builder_version=&#8221;4.27.4&#8243; _module_preset=&#8221;default&#8221; custom_margin=&#8221;||20px||false|false&#8221; disabled=&#8221;on&#8221; global_colors_info=&#8221;{}&#8221;][et_pb_column type=&#8221;1_3&#8243; _builder_version=&#8221;4.27.4&#8243; _module_preset=&#8221;default&#8221; global_colors_info=&#8221;{}&#8221;][et_pb_text _builder_version=&#8221;4.27.4&#8243; _module_preset=&#8221;default&#8221; global_colors_info=&#8221;{}&#8221;]<\/p>\n<h2>Erfolgsgarantie dank der Bellingua-Qualit\u00e4t<\/h2>\n<p>Unsere <strong>Methodik ist durchdacht, klar strukturiert<\/strong> und orientiert sich an den Prinzipien, die anspruchsvolle Lernende sch\u00e4tzen \u2013 logisch aufgebaut mit einem Fokus auf klare Regeln und korrekte Anwendung.<br \/>\n[\/et_pb_text][\/et_pb_column][et_pb_column type=&#8221;1_3&#8243; _builder_version=&#8221;4.27.4&#8243; _module_preset=&#8221;default&#8221; global_colors_info=&#8221;{}&#8221;][et_pb_text _builder_version=&#8221;4.27.4&#8243; _module_preset=&#8221;default&#8221; global_colors_info=&#8221;{}&#8221;]<\/p>\n<h2>Effizienz f\u00fcr unsere Studierenden<\/h2>\n<p>Unsere Schule richtet sich an <strong>lernstarke Erwachsene<\/strong> mit akademischem Hintergrund, die eine fundierte und zielgerichtete Art des Lernens sch\u00e4tzen.<\/p>\n<p>Unsere <strong>Lernatmosph\u00e4re ist anspruchsvoll, aber entspannt<\/strong> \u2013 weil wir ein Umfeld schaffen, in dem das Lernen Freude macht, da sich alle auf die gleiche Weise weiterentwickeln wollen.<br \/>\n[\/et_pb_text][\/et_pb_column][et_pb_column type=&#8221;1_3&#8243; _builder_version=&#8221;4.27.4&#8243; _module_preset=&#8221;default&#8221; global_colors_info=&#8221;{}&#8221;][et_pb_text _builder_version=&#8221;4.27.4&#8243; _module_preset=&#8221;default&#8221; global_colors_info=&#8221;{}&#8221;]<\/p>\n<h2>Flexibilit\u00e4t durch ein personalisiertes Angebot<\/h2>\n<p>Alle <strong>Kurse finden hybrid statt<\/strong>. Der Unterricht kann nach eigener Pr\u00e4ferenz vor Ort oder online durchgef\u00fchrt werden. S\u00e4mtliche <strong>Vertr\u00e4ge sind k\u00fcndbar<\/strong> und die <strong>Kursl\u00e4nge flexibel<\/strong>. Unsere Schule bietet ein Lernen ohne Bindung, aber mit voller Unterst\u00fctzung.<br \/>\n[\/et_pb_text][\/et_pb_column][\/et_pb_row][et_pb_row disabled_on=&#8221;off|off|off&#8221; _builder_version=&#8221;4.27.4&#8243; _module_preset=&#8221;default&#8221; min_height=&#8221;100px&#8221; global_colors_info=&#8221;{}&#8221;][et_pb_column type=&#8221;4_4&#8243; _builder_version=&#8221;4.20.2&#8243; _module_preset=&#8221;default&#8221; global_colors_info=&#8221;{}&#8221;][et_pb_divider _builder_version=&#8221;4.23.1&#8243; _module_preset=&#8221;default&#8221; locked=&#8221;off&#8221; global_colors_info=&#8221;{}&#8221;][\/et_pb_divider][et_pb_text disabled_on=&#8221;on|on|on&#8221; _builder_version=&#8221;4.27.4&#8243; _module_preset=&#8221;default&#8221; custom_padding=&#8221;||2px|||&#8221; disabled=&#8221;on&#8221; global_colors_info=&#8221;{}&#8221;]<\/p>\n<h1 style=\"text-align: left;\">Welcher Deutschkurs ist der richtige?<\/h1>\n<p style=\"text-align: left;\">F\u00fcr anspruchsvolle Erwachsene, die ihre Deutschkenntnisse in <a href=\"https:\/\/www.bellingua.ch\/en\/classes\/course-levels\/\" target=\"_blank\" rel=\"noopener noreferrer\">unterschiedlichen Schwierigkeitsstufen<\/a> gezielt vertiefen m\u00f6chten, bieten wir ein differenziertes Kursangebot an, das unterschiedliche St\u00e4rken f\u00f6rdert. Die Gruppenkurse k\u00f6nnen mit &#8220;<strong>Fokus Pr\u00e4zision&#8221;<\/strong> oder &#8220;<strong>Fokus Kommunikation&#8221;<\/strong>\u00a0gew\u00e4hlt werden. Zu unseren Kursmodellen geh\u00f6ren\u00a0<a href=\"https:\/\/www.bellingua.ch\/kurse\/intensivkurs-vollzeit\/\" target=\"_blank\" rel=\"noopener noreferrer\">Intensivkurse<\/a>\u00a0mit 20 Lektionen pro Woche,\u00a0<a href=\"https:\/\/www.bellingua.ch\/kurse\/privatunterricht\/\" target=\"_blank\" rel=\"noopener noreferrer\">Privatunterricht<\/a>\u00a0und\u00a0<a href=\"https:\/\/www.bellingua.ch\/en\/classes\/semi-intensive-course-part-time\/\" target=\"_blank\" rel=\"noopener noreferrer\">Halbintensivkurse<\/a>\u00a0am Abend.<\/p>\n<p><strong>&#8220;Fokus Pr\u00e4zision&#8221;<\/strong>\u00a0 ist perfekt f\u00fcr alle, die ihre Sprache bis ins Detail beherrschen wollen. In diesem Kurs erh\u00e4lt man ein solides Sprachfundament f\u00fcr langfristige Sicherheit. Der Schwerpunkt liegt darauf, Grammatik zu verinnerlichen und sie sicher einzusetzen. Durch logische Erkl\u00e4rungen lernt man, Grammatik intuitiv anzuwenden, statt sie nur auswendig zu lernen.<\/p>\n<p><strong>&#8220;Fokus Kommunikation&#8221;<\/strong>\u00a0 ist ideal, um die Kommunikationsf\u00e4higkeiten auszubauen. In diesem Kurs lernt man, seine Ausdrucksweise durch eine verfeinerte Wortwahl zu verbessern und eine gehobene Sprachebene zu erreichen. Ziel ist es, komplexe Gedanken klar formulieren und in anspruchsvollen Sprechanl\u00e4ssen richtig verwenden zu k\u00f6nnen.<\/p>\n<p>Alle unsere Deutschkurse orientieren sich am\u00a0<a href=\"https:\/\/www.europaeischer-referenzrahmen.de\/\" target=\"_blank\" rel=\"noopener noreferrer\">\u201eGemeinsamen Europ\u00e4ischen Referenzrahmen f\u00fcr Sprachen\u201c<\/a>, der eine Einteilung in die Niveaustufen A1, A2, B1, B2, C1 und C2 f\u00fcr Anf\u00e4nger und Fortgeschrittene erm\u00f6glicht. F\u00fcr das Kursmodell entscheidet man sich frei. Um das aktuelle Sprachniveau festzulegen, bieten wir zu Beginn einen kostenlosen Einstufungstest an. S\u00e4mtliche offene Fragen kl\u00e4ren wir am besten in einem <a href=\"https:\/\/www.bellingua.ch\/en\/schedule-appointment-for-meeting\/\" target=\"_blank\" rel=\"noopener noreferrer\">kostenlosen Beratungsgespr\u00e4ch<\/a>\u00a0zum Einstieg.<br \/>\n[\/et_pb_text][et_pb_text _builder_version=&#8221;4.27.4&#8243; _module_preset=&#8221;default&#8221; custom_padding=&#8221;||2px|||&#8221; global_colors_info=&#8221;{}&#8221;]<\/p>\n<h1 style=\"text-align: left;\">Which is the right German course for me?\u00a0<\/h1>\n<p>[\/et_pb_text][\/et_pb_column][\/et_pb_row][et_pb_row column_structure=&#8221;2_5,3_5&#8243; _builder_version=&#8221;4.19.2&#8243; _module_preset=&#8221;default&#8221; custom_margin=&#8221;||60px||false|false&#8221; global_colors_info=&#8221;{}&#8221;][et_pb_column type=&#8221;2_5&#8243; _builder_version=&#8221;4.19.2&#8243; _module_preset=&#8221;default&#8221; global_colors_info=&#8221;{}&#8221;][et_pb_image src=&#8221;https:\/\/www.bellingua.ch\/wp-content\/uploads\/2023\/03\/Deutschkurse-hochkant_1-V2.jpg&#8221; alt=&#8221;deutschkurse z\u00fcrich&#8221; title_text=&#8221;Deutschkurse hochkant V2&#8243; url=&#8221;https:\/\/www.bellingua.ch\/kurse\/intensivkurs-vollzeit\/&#8221; _builder_version=&#8221;4.27.4&#8243; _module_preset=&#8221;default&#8221; max_height=&#8221;1000px&#8221; global_colors_info=&#8221;{}&#8221;][\/et_pb_image][\/et_pb_column][et_pb_column type=&#8221;3_5&#8243; _builder_version=&#8221;4.19.2&#8243; _module_preset=&#8221;default&#8221; global_colors_info=&#8221;{}&#8221;][et_pb_text _builder_version=&#8221;4.27.4&#8243; _module_preset=&#8221;default&#8221; global_colors_info=&#8221;{}&#8221;]<\/p>\n<h2><a href=\"https:\/\/www.bellingua.ch\/en\/classes\/intensive-course-fulltime\/\">German Intensive course<\/a><\/h2>\n<p>Intensive courses are the ideal choice for those who would like to learn German as quickly as possible. They can also be combined well with our <a href=\"https:\/\/www.bellingua.ch\/en\/free-video-conversation-classes\/\">free video-conversation classes<\/a> for even more intensive speaking practice.<\/p>\n<p><b>Days and times:<\/b> Monday to Friday, 08.30 to 11.40<\/p>\n<p><b>Lessons per week:<\/b> 20 lessons of 40 minutes<\/p>\n<form autocomplete=\"off\" name=\"wpv-filter-15896\" action=\"\/en\/wp-json\/wp\/v2\/pages\/20713?wpv_view_count=15896\" method=\"get\" class=\"wpv-filter-form js-wpv-filter-form js-wpv-filter-form-15896 js-wpv-form-full\" data-viewnumber=\"15896\" data-viewid=\"15896\" data-viewhash=\"eyJuYW1lIjoia3Vyc3N0YXJ0cy1pbnRlbnNpdi12b3JtaXR0YWctZW4tZmlyc3QifQ==\" data-viewwidgetid=\"0\" data-orderby=\"\" data-order=\"\" data-orderbyas=\"\" data-orderbysecond=\"\" data-ordersecond=\"\" data-parametric=\"{&quot;query&quot;:&quot;normal&quot;,&quot;id&quot;:15896,&quot;view_id&quot;:15896,&quot;widget_id&quot;:0,&quot;view_hash&quot;:&quot;15896&quot;,&quot;action&quot;:&quot;\\\/en\\\/wp-json\\\/wp\\\/v2\\\/pages\\\/20713?wpv_view_count=15896&quot;,&quot;sort&quot;:{&quot;orderby&quot;:&quot;&quot;,&quot;order&quot;:&quot;&quot;,&quot;orderby_as&quot;:&quot;&quot;,&quot;orderby_second&quot;:&quot;&quot;,&quot;order_second&quot;:&quot;&quot;},&quot;orderby&quot;:&quot;&quot;,&quot;order&quot;:&quot;&quot;,&quot;orderby_as&quot;:&quot;&quot;,&quot;orderby_second&quot;:&quot;&quot;,&quot;order_second&quot;:&quot;&quot;,&quot;ajax_form&quot;:&quot;&quot;,&quot;ajax_results&quot;:&quot;&quot;,&quot;effect&quot;:&quot;fade&quot;,&quot;prebefore&quot;:&quot;&quot;,&quot;before&quot;:&quot;&quot;,&quot;after&quot;:&quot;&quot;,&quot;attributes&quot;:[],&quot;environment&quot;:{&quot;current_post_id&quot;:20713,&quot;parent_post_id&quot;:20713,&quot;parent_term_id&quot;:0,&quot;parent_user_id&quot;:0,&quot;archive&quot;:{&quot;type&quot;:&quot;&quot;,&quot;name&quot;:&quot;&quot;,&quot;data&quot;:[]}},&quot;loop&quot;:{&quot;type&quot;:&quot;&quot;,&quot;name&quot;:&quot;&quot;,&quot;data&quot;:[],&quot;id&quot;:0}}\" data-attributes=\"[]\" data-environment=\"{&quot;current_post_id&quot;:20713,&quot;parent_post_id&quot;:20713,&quot;parent_term_id&quot;:0,&quot;parent_user_id&quot;:0,&quot;archive&quot;:{&quot;type&quot;:&quot;&quot;,&quot;name&quot;:&quot;&quot;,&quot;data&quot;:[]}}\"><input type=\"hidden\" class=\"js-wpv-dps-filter-data js-wpv-filter-data-for-this-form\" data-action=\"\/en\/wp-json\/wp\/v2\/pages\/20713?wpv_view_count=15896\" data-page=\"1\" data-ajax=\"disable\" data-effect=\"fade\" data-maxpages=\"1\" data-ajaxprebefore=\"\" data-ajaxbefore=\"\" data-ajaxafter=\"\" \/><input class=\"wpv_view_count wpv_view_count-15896\" type=\"hidden\" name=\"wpv_view_count\" value=\"15896\" \/>\n\n<\/form>\n<div id=\"wpv-view-layout-15896\" class=\"js-wpv-view-layout js-wpv-layout-responsive js-wpv-view-layout-15896\" data-viewnumber=\"15896\" data-pagination=\"{&quot;id&quot;:15896,&quot;query&quot;:&quot;normal&quot;,&quot;type&quot;:&quot;disabled&quot;,&quot;effect&quot;:&quot;fade&quot;,&quot;duration&quot;:500,&quot;speed&quot;:5,&quot;pause_on_hover&quot;:&quot;disabled&quot;,&quot;stop_rollover&quot;:&quot;false&quot;,&quot;cache_pages&quot;:&quot;enabled&quot;,&quot;preload_images&quot;:&quot;enabled&quot;,&quot;preload_pages&quot;:&quot;enabled&quot;,&quot;preload_reach&quot;:1,&quot;spinner&quot;:&quot;builtin&quot;,&quot;spinner_image&quot;:&quot;https:\/\/www.bellingua.ch\/wp-content\/plugins\/wp-views\/embedded\/res\/img\/ajax-loader.gif&quot;,&quot;callback_next&quot;:&quot;&quot;,&quot;manage_history&quot;:&quot;enabled&quot;,&quot;has_controls_in_form&quot;:&quot;disabled&quot;,&quot;infinite_tolerance&quot;:&quot;0&quot;,&quot;max_pages&quot;:1,&quot;page&quot;:1,&quot;base_permalink&quot;:&quot;\/en\/wp-json\/wp\/v2\/pages\/20713?wpv_view_count=15896&amp;wpv_paged=WPV_PAGE_NUM&quot;,&quot;loop&quot;:{&quot;type&quot;:&quot;&quot;,&quot;name&quot;:&quot;&quot;,&quot;data&quot;:[],&quot;id&quot;:0}}\" data-permalink=\"\/en\/wp-json\/wp\/v2\/pages\/20713?wpv_view_count=15896\">\n\n\t\n\t\n\t<table class=\"kursstart-tabelle\" width=\"100%\">\n      \t\t<thead>\n\t\t\t<tr>\n\t\t\t\t<th><a href=\"#\" class=\"wpv-header-no-sort js-wpv-sort-trigger js-wpv-column-header-click\" data-viewnumber=\"15896\" data-orderby=\"field-wpcf-start-datum\" data-order=\"asc\" data-orderbyas=\"numeric\">Next course start morning<span class=\"wpv-sorting-indicator\"><\/span><\/a><\/th>\n              \t<th><a href=\"#\" class=\"wpv-header-no-sort js-wpv-sort-trigger js-wpv-column-header-click\" data-viewnumber=\"15896\" data-orderby=\"field-wpcf-wochentage\" data-order=\"asc\" data-orderbyas=\"\">Weekdays<span class=\"wpv-sorting-indicator\"><\/span><\/a><\/th>\n\t\t\t<\/tr>\n\t\t<\/thead>\n\t\t<tbody class=\"wpv-loop js-wpv-loop\">\n\t\t\n\t\t\t<tr>\n\t\t\t\t<td>4. May 2026<\/td>\n<td>Monday to Friday<\/td>\n\t\t\t<\/tr>\n\t\t\n\t\t<\/tbody>\n\t<\/table>\n\t\n\t\n\t\n<\/div>\n\n<p><b>Price:<\/b> CHF 320 per week.<\/p>\n<p>[\/et_pb_text][dipi_button_grid flex_direction=&#8221;row&#8221; justify_content=&#8221;flex-start&#8221; _builder_version=&#8221;4.27.4&#8243; _module_preset=&#8221;default&#8221; custom_button_grid=&#8221;on&#8221; button_grid_custom_padding=&#8221;5px|15px|5px|15px|true|true&#8221; custom_margin=&#8221;|||0px|false|false&#8221; custom_padding=&#8221;|||0px|false|false&#8221; locked=&#8221;off&#8221; global_colors_info=&#8221;{}&#8221;][dipi_button_grid_child button_text=&#8221;Free Consultation&#8221; button_link=&#8221;https:\/\/www.bellingua.ch\/en\/schedule-appointment-for-video-call\/&#8221; _builder_version=&#8221;4.22.1&#8243; _module_preset=&#8221;default&#8221; custom_margin=&#8221;|||0px|false|false&#8221; custom_padding=&#8221;||||false|false&#8221; global_colors_info=&#8221;{}&#8221;][\/dipi_button_grid_child][dipi_button_grid_child button_text=&#8221;Learn More&#8221; button_link=&#8221;https:\/\/www.bellingua.ch\/en\/classes\/intensive-course-fulltime\/&#8221; _builder_version=&#8221;4.27.4&#8243; _module_preset=&#8221;default&#8221; global_colors_info=&#8221;{}&#8221;][\/dipi_button_grid_child][\/dipi_button_grid][\/et_pb_column][\/et_pb_row][et_pb_row column_structure=&#8221;2_5,3_5&#8243; _builder_version=&#8221;4.19.2&#8243; _module_preset=&#8221;default&#8221; custom_margin=&#8221;||60px||false|false&#8221; global_colors_info=&#8221;{}&#8221;][et_pb_column type=&#8221;2_5&#8243; _builder_version=&#8221;4.19.2&#8243; _module_preset=&#8221;default&#8221; global_colors_info=&#8221;{}&#8221;][et_pb_image src=&#8221;https:\/\/www.bellingua.ch\/wp-content\/uploads\/2023\/03\/Deutschkurse-hochkant_2-V2.jpg&#8221; alt=&#8221;Deutschkurse Z\u00fcrich&#8221; title_text=&#8221;Deutschkurse hochkant V2&#8243; url=&#8221;https:\/\/www.bellingua.ch\/kurse\/halbintensivkurs-teilzeit\/&#8221; _builder_version=&#8221;4.20.2&#8243; _module_preset=&#8221;default&#8221; global_colors_info=&#8221;{}&#8221;][\/et_pb_image][\/et_pb_column][et_pb_column type=&#8221;3_5&#8243; _builder_version=&#8221;4.19.2&#8243; _module_preset=&#8221;default&#8221; global_colors_info=&#8221;{}&#8221;][et_pb_text _builder_version=&#8221;4.27.4&#8243; _module_preset=&#8221;default&#8221; global_colors_info=&#8221;{}&#8221;]<\/p>\n<h2><a href=\"https:\/\/www.bellingua.ch\/en\/classes\/semi-intensive-course-part-time\/\">German Semi-intensive course<\/a><\/h2>\n<p>The hybrid semi-intensive courses are particularly flexible for everyday life and allow the students more time for revision between classes. We offer these two options:<\/p>\n<p><b>Days and times<\/b>: Mon\/Wed or Tue\/Thu<\/p>\n<p>Afternoon course (8 lessons per week, 13.30 to 16.40)<\/p>\n<p>Evening course (6 lessons per week, 18.00 to 20.10)<\/p>\n<p><b>Lessons per week:<\/b> 6 or 8 lessons of 40 minutes<\/p>\n<form autocomplete=\"off\" name=\"wpv-filter-15905\" action=\"\/en\/wp-json\/wp\/v2\/pages\/20713?wpv_view_count=15905\" method=\"get\" class=\"wpv-filter-form js-wpv-filter-form js-wpv-filter-form-15905 js-wpv-form-full\" data-viewnumber=\"15905\" data-viewid=\"15905\" data-viewhash=\"eyJuYW1lIjoia3Vyc3N0YXJ0cy1oYWxiaW50ZW5zaXYtbmFjaG1pdHRhZy1lbi1maXJzdCJ9\" data-viewwidgetid=\"0\" data-orderby=\"\" data-order=\"\" data-orderbyas=\"\" data-orderbysecond=\"\" data-ordersecond=\"\" data-parametric=\"{&quot;query&quot;:&quot;normal&quot;,&quot;id&quot;:15905,&quot;view_id&quot;:15905,&quot;widget_id&quot;:0,&quot;view_hash&quot;:&quot;15905&quot;,&quot;action&quot;:&quot;\\\/en\\\/wp-json\\\/wp\\\/v2\\\/pages\\\/20713?wpv_view_count=15905&quot;,&quot;sort&quot;:{&quot;orderby&quot;:&quot;&quot;,&quot;order&quot;:&quot;&quot;,&quot;orderby_as&quot;:&quot;&quot;,&quot;orderby_second&quot;:&quot;&quot;,&quot;order_second&quot;:&quot;&quot;},&quot;orderby&quot;:&quot;&quot;,&quot;order&quot;:&quot;&quot;,&quot;orderby_as&quot;:&quot;&quot;,&quot;orderby_second&quot;:&quot;&quot;,&quot;order_second&quot;:&quot;&quot;,&quot;ajax_form&quot;:&quot;&quot;,&quot;ajax_results&quot;:&quot;&quot;,&quot;effect&quot;:&quot;fade&quot;,&quot;prebefore&quot;:&quot;&quot;,&quot;before&quot;:&quot;&quot;,&quot;after&quot;:&quot;&quot;,&quot;attributes&quot;:[],&quot;environment&quot;:{&quot;current_post_id&quot;:20713,&quot;parent_post_id&quot;:20713,&quot;parent_term_id&quot;:0,&quot;parent_user_id&quot;:0,&quot;archive&quot;:{&quot;type&quot;:&quot;&quot;,&quot;name&quot;:&quot;&quot;,&quot;data&quot;:[]}},&quot;loop&quot;:{&quot;type&quot;:&quot;&quot;,&quot;name&quot;:&quot;&quot;,&quot;data&quot;:[],&quot;id&quot;:0}}\" data-attributes=\"[]\" data-environment=\"{&quot;current_post_id&quot;:20713,&quot;parent_post_id&quot;:20713,&quot;parent_term_id&quot;:0,&quot;parent_user_id&quot;:0,&quot;archive&quot;:{&quot;type&quot;:&quot;&quot;,&quot;name&quot;:&quot;&quot;,&quot;data&quot;:[]}}\"><input type=\"hidden\" class=\"js-wpv-dps-filter-data js-wpv-filter-data-for-this-form\" data-action=\"\/en\/wp-json\/wp\/v2\/pages\/20713?wpv_view_count=15905\" data-page=\"1\" data-ajax=\"disable\" data-effect=\"fade\" data-maxpages=\"1\" data-ajaxprebefore=\"\" data-ajaxbefore=\"\" data-ajaxafter=\"\" \/><input class=\"wpv_view_count wpv_view_count-15905\" type=\"hidden\" name=\"wpv_view_count\" value=\"15905\" \/>\n\n<\/form>\n<div id=\"wpv-view-layout-15905\" class=\"js-wpv-view-layout js-wpv-layout-responsive js-wpv-view-layout-15905\" data-viewnumber=\"15905\" data-pagination=\"{&quot;id&quot;:15905,&quot;query&quot;:&quot;normal&quot;,&quot;type&quot;:&quot;disabled&quot;,&quot;effect&quot;:&quot;fade&quot;,&quot;duration&quot;:500,&quot;speed&quot;:5,&quot;pause_on_hover&quot;:&quot;disabled&quot;,&quot;stop_rollover&quot;:&quot;false&quot;,&quot;cache_pages&quot;:&quot;enabled&quot;,&quot;preload_images&quot;:&quot;enabled&quot;,&quot;preload_pages&quot;:&quot;enabled&quot;,&quot;preload_reach&quot;:1,&quot;spinner&quot;:&quot;builtin&quot;,&quot;spinner_image&quot;:&quot;https:\/\/www.bellingua.ch\/wp-content\/plugins\/wp-views\/embedded\/res\/img\/ajax-loader.gif&quot;,&quot;callback_next&quot;:&quot;&quot;,&quot;manage_history&quot;:&quot;enabled&quot;,&quot;has_controls_in_form&quot;:&quot;disabled&quot;,&quot;infinite_tolerance&quot;:&quot;0&quot;,&quot;max_pages&quot;:1,&quot;page&quot;:1,&quot;base_permalink&quot;:&quot;\/en\/wp-json\/wp\/v2\/pages\/20713?wpv_view_count=15905&amp;wpv_paged=WPV_PAGE_NUM&quot;,&quot;loop&quot;:{&quot;type&quot;:&quot;&quot;,&quot;name&quot;:&quot;&quot;,&quot;data&quot;:[],&quot;id&quot;:0}}\" data-permalink=\"\/en\/wp-json\/wp\/v2\/pages\/20713?wpv_view_count=15905\">\n\n\t\n\t\n\t<table class=\"kursstart-tabelle\" width=\"100%\">\n\t\t<thead>\n\t\t\t<tr>\n\t\t\t\t<th><a href=\"#\" class=\"wpv-header-no-sort js-wpv-sort-trigger js-wpv-column-header-click\" data-viewnumber=\"15905\" data-orderby=\"field-wpcf-start-datum\" data-order=\"asc\" data-orderbyas=\"numeric\">Next course start afternoon<span class=\"wpv-sorting-indicator\"><\/span><\/a><\/th>\n\t\t\t\t<th><a href=\"#\" class=\"wpv-header-no-sort js-wpv-sort-trigger js-wpv-column-header-click\" data-viewnumber=\"15905\" data-orderby=\"field-wpcf-wochentage\" data-order=\"asc\" data-orderbyas=\"\">Weekdays<span class=\"wpv-sorting-indicator\"><\/span><\/a><\/th>\n\t\t\t<\/tr>\n\t\t<\/thead>\n\t\t<tbody class=\"wpv-loop js-wpv-loop\">\n\t\t\n\t\t\t<tr>\n\t\t\t\t<td>12. May 2026<\/td>\n<td>Tuesday and Thursday<\/td>\n\t\t\t<\/tr>\n\t\t\n\t\t<\/tbody>\n\t<\/table>\n\t\n\t\n\t\n<\/div>\n\n<form autocomplete=\"off\" name=\"wpv-filter-15907\" action=\"\/en\/wp-json\/wp\/v2\/pages\/20713?wpv_view_count=15907\" method=\"get\" class=\"wpv-filter-form js-wpv-filter-form js-wpv-filter-form-15907 js-wpv-form-full\" data-viewnumber=\"15907\" data-viewid=\"15907\" data-viewhash=\"eyJuYW1lIjoia3Vyc3N0YXJ0cy1oYWxiaW50ZW5zaXYtYWJlbmQtZW4tZmlyc3QifQ==\" data-viewwidgetid=\"0\" data-orderby=\"\" data-order=\"\" data-orderbyas=\"\" data-orderbysecond=\"\" data-ordersecond=\"\" data-parametric=\"{&quot;query&quot;:&quot;normal&quot;,&quot;id&quot;:15907,&quot;view_id&quot;:15907,&quot;widget_id&quot;:0,&quot;view_hash&quot;:&quot;15907&quot;,&quot;action&quot;:&quot;\\\/en\\\/wp-json\\\/wp\\\/v2\\\/pages\\\/20713?wpv_view_count=15907&quot;,&quot;sort&quot;:{&quot;orderby&quot;:&quot;&quot;,&quot;order&quot;:&quot;&quot;,&quot;orderby_as&quot;:&quot;&quot;,&quot;orderby_second&quot;:&quot;&quot;,&quot;order_second&quot;:&quot;&quot;},&quot;orderby&quot;:&quot;&quot;,&quot;order&quot;:&quot;&quot;,&quot;orderby_as&quot;:&quot;&quot;,&quot;orderby_second&quot;:&quot;&quot;,&quot;order_second&quot;:&quot;&quot;,&quot;ajax_form&quot;:&quot;&quot;,&quot;ajax_results&quot;:&quot;&quot;,&quot;effect&quot;:&quot;fade&quot;,&quot;prebefore&quot;:&quot;&quot;,&quot;before&quot;:&quot;&quot;,&quot;after&quot;:&quot;&quot;,&quot;attributes&quot;:[],&quot;environment&quot;:{&quot;current_post_id&quot;:20713,&quot;parent_post_id&quot;:20713,&quot;parent_term_id&quot;:0,&quot;parent_user_id&quot;:0,&quot;archive&quot;:{&quot;type&quot;:&quot;&quot;,&quot;name&quot;:&quot;&quot;,&quot;data&quot;:[]}},&quot;loop&quot;:{&quot;type&quot;:&quot;&quot;,&quot;name&quot;:&quot;&quot;,&quot;data&quot;:[],&quot;id&quot;:0}}\" data-attributes=\"[]\" data-environment=\"{&quot;current_post_id&quot;:20713,&quot;parent_post_id&quot;:20713,&quot;parent_term_id&quot;:0,&quot;parent_user_id&quot;:0,&quot;archive&quot;:{&quot;type&quot;:&quot;&quot;,&quot;name&quot;:&quot;&quot;,&quot;data&quot;:[]}}\"><input type=\"hidden\" class=\"js-wpv-dps-filter-data js-wpv-filter-data-for-this-form\" data-action=\"\/en\/wp-json\/wp\/v2\/pages\/20713?wpv_view_count=15907\" data-page=\"1\" data-ajax=\"disable\" data-effect=\"fade\" data-maxpages=\"1\" data-ajaxprebefore=\"\" data-ajaxbefore=\"\" data-ajaxafter=\"\" \/><input class=\"wpv_view_count wpv_view_count-15907\" type=\"hidden\" name=\"wpv_view_count\" value=\"15907\" \/>\n\n<\/form>\n<div id=\"wpv-view-layout-15907\" class=\"js-wpv-view-layout js-wpv-layout-responsive js-wpv-view-layout-15907\" data-viewnumber=\"15907\" data-pagination=\"{&quot;id&quot;:15907,&quot;query&quot;:&quot;normal&quot;,&quot;type&quot;:&quot;disabled&quot;,&quot;effect&quot;:&quot;fade&quot;,&quot;duration&quot;:500,&quot;speed&quot;:5,&quot;pause_on_hover&quot;:&quot;disabled&quot;,&quot;stop_rollover&quot;:&quot;false&quot;,&quot;cache_pages&quot;:&quot;enabled&quot;,&quot;preload_images&quot;:&quot;enabled&quot;,&quot;preload_pages&quot;:&quot;enabled&quot;,&quot;preload_reach&quot;:1,&quot;spinner&quot;:&quot;builtin&quot;,&quot;spinner_image&quot;:&quot;https:\/\/www.bellingua.ch\/wp-content\/plugins\/wp-views\/embedded\/res\/img\/ajax-loader.gif&quot;,&quot;callback_next&quot;:&quot;&quot;,&quot;manage_history&quot;:&quot;enabled&quot;,&quot;has_controls_in_form&quot;:&quot;disabled&quot;,&quot;infinite_tolerance&quot;:&quot;0&quot;,&quot;max_pages&quot;:1,&quot;page&quot;:1,&quot;base_permalink&quot;:&quot;\/en\/wp-json\/wp\/v2\/pages\/20713?wpv_view_count=15907&amp;wpv_paged=WPV_PAGE_NUM&quot;,&quot;loop&quot;:{&quot;type&quot;:&quot;&quot;,&quot;name&quot;:&quot;&quot;,&quot;data&quot;:[],&quot;id&quot;:0}}\" data-permalink=\"\/en\/wp-json\/wp\/v2\/pages\/20713?wpv_view_count=15907\">\n\n\t\n\t\n\t<table class=\"kursstart-tabelle\" width=\"100%\">\n\t\t<thead>\n\t\t\t<tr>\n\t\t\t\t<th><a href=\"#\" class=\"wpv-header-no-sort js-wpv-sort-trigger js-wpv-column-header-click\" data-viewnumber=\"15907\" data-orderby=\"field-wpcf-start-datum\" data-order=\"asc\" data-orderbyas=\"numeric\">Next course start evening<span class=\"wpv-sorting-indicator\"><\/span><\/a><\/th>\n\t\t\t\t<th><a href=\"#\" class=\"wpv-header-no-sort js-wpv-sort-trigger js-wpv-column-header-click\" data-viewnumber=\"15907\" data-orderby=\"field-wpcf-wochentage\" data-order=\"asc\" data-orderbyas=\"\">Weekdays<span class=\"wpv-sorting-indicator\"><\/span><\/a><\/th>\n\t\t\t<\/tr>\n\t\t<\/thead>\n\t\t<tbody class=\"wpv-loop js-wpv-loop\">\n\t\t\n\t\t\t<tr>\n\t\t\t\t<td>12. May 2026<\/td>\n<td>Tuesday and Thursday<\/td>\n\t\t\t<\/tr>\n\t\t\n\t\t<\/tbody>\n\t<\/table>\n\t\n\t\n\t\n<\/div>\n\n<p><b>Price:<\/b> CHF 150 per week.<\/p>\n<p>[\/et_pb_text][dipi_button_grid flex_direction=&#8221;row&#8221; justify_content=&#8221;flex-start&#8221; _builder_version=&#8221;4.22.1&#8243; _module_preset=&#8221;default&#8221; custom_button_grid=&#8221;on&#8221; button_grid_custom_padding=&#8221;5px|15px|5px|15px|true|true&#8221; custom_margin=&#8221;|||0px|false|false&#8221; custom_padding=&#8221;|||0px|false|false&#8221; locked=&#8221;off&#8221; global_colors_info=&#8221;{}&#8221;][dipi_button_grid_child button_text=&#8221;Free Consultation&#8221; button_link=&#8221;https:\/\/www.bellingua.ch\/en\/schedule-appointment-for-video-call\/&#8221; _builder_version=&#8221;4.22.1&#8243; _module_preset=&#8221;default&#8221; custom_margin=&#8221;|||0px|false|false&#8221; custom_padding=&#8221;||||false|false&#8221; global_colors_info=&#8221;{}&#8221;][\/dipi_button_grid_child][dipi_button_grid_child button_text=&#8221;Learn More&#8221; button_link=&#8221;https:\/\/www.bellingua.ch\/en\/classes\/semi-intensive-course-part-time\/&#8221; _builder_version=&#8221;4.20.0&#8243; _module_preset=&#8221;default&#8221; global_colors_info=&#8221;{}&#8221;][\/dipi_button_grid_child][\/dipi_button_grid][\/et_pb_column][\/et_pb_row][et_pb_row column_structure=&#8221;2_5,3_5&#8243; disabled_on=&#8221;off|off|off&#8221; _builder_version=&#8221;4.27.4&#8243; _module_preset=&#8221;default&#8221; custom_margin=&#8221;||60px||false|false&#8221; global_colors_info=&#8221;{}&#8221;][et_pb_column type=&#8221;2_5&#8243; _builder_version=&#8221;4.19.2&#8243; _module_preset=&#8221;default&#8221; global_colors_info=&#8221;{}&#8221;][et_pb_image src=&#8221;https:\/\/www.bellingua.ch\/wp-content\/uploads\/2023\/03\/Deutschkurse-hochkant_4-V2.jpg&#8221; alt=&#8221;Deutschkurse Z\u00fcrich&#8221; title_text=&#8221;Deutschkurse hochkant V2&#8243; url=&#8221;https:\/\/www.bellingua.ch\/kurse\/halbintensivkurs-teilzeit\/&#8221; _builder_version=&#8221;4.27.4&#8243; _module_preset=&#8221;default&#8221; global_colors_info=&#8221;{}&#8221;][\/et_pb_image][\/et_pb_column][et_pb_column type=&#8221;3_5&#8243; _builder_version=&#8221;4.19.2&#8243; _module_preset=&#8221;default&#8221; global_colors_info=&#8221;{}&#8221;][et_pb_text _builder_version=&#8221;4.27.4&#8243; _module_preset=&#8221;default&#8221; global_colors_info=&#8221;{}&#8221;]<\/p>\n<h2><a href=\"https:\/\/www.bellingua.ch\/en\/classes\/semi-intensive-course-part-time\/\">German Flex course (1 d<\/a>ay per week)<\/h2>\n<p>The Flex Course covers the same material as the Intensive and Semi-Intensive Courses, but only takes place once a week. This format allows you to achieve the same learning goals over a longer period of time \u2013 ideal for working professionals with busy schedules.<\/p>\n<p><b>Days and times:<\/b> Tuesday, 18.00 to 20.10<\/p>\n<p><strong>Levels<\/strong>: B1, B2, C1<\/p>\n<p><b>Lessons per week:<\/b> 3 lessons of 40 minutes<\/p>\n<p><strong>Course starts: weekly<\/strong><\/p>\n<p><b>Price:<\/b> CHF 75 per week.<\/p>\n<p>[\/et_pb_text][dipi_button_grid flex_direction=&#8221;row&#8221; justify_content=&#8221;flex-start&#8221; _builder_version=&#8221;4.27.5&#8243; _module_preset=&#8221;default&#8221; custom_button_grid=&#8221;on&#8221; button_grid_custom_padding=&#8221;5px|15px|5px|15px|true|true&#8221; custom_margin=&#8221;|||0px|false|false&#8221; custom_padding=&#8221;|||0px|false|false&#8221; hover_enabled=&#8221;0&#8243; locked=&#8221;off&#8221; global_colors_info=&#8221;{}&#8221; sticky_enabled=&#8221;0&#8243;][dipi_button_grid_child button_text=&#8221;Free Consultation&#8221; button_link=&#8221;https:\/\/www.bellingua.ch\/en\/schedule-appointment-for-video-call\/&#8221; _builder_version=&#8221;4.22.1&#8243; _module_preset=&#8221;default&#8221; custom_margin=&#8221;|||0px|false|false&#8221; custom_padding=&#8221;||||false|false&#8221; global_colors_info=&#8221;{}&#8221;][\/dipi_button_grid_child][dipi_button_grid_child button_text=&#8221;Learn More&#8221; button_link=&#8221;https:\/\/www.bellingua.ch\/en\/classes\/german-flexcourse-1x-per-week\/&#8221; _builder_version=&#8221;4.27.5&#8243; _module_preset=&#8221;default&#8221; hover_enabled=&#8221;0&#8243; global_colors_info=&#8221;{}&#8221; sticky_enabled=&#8221;0&#8243;][\/dipi_button_grid_child][\/dipi_button_grid][\/et_pb_column][\/et_pb_row][et_pb_row column_structure=&#8221;2_5,3_5&#8243; _builder_version=&#8221;4.19.2&#8243; _module_preset=&#8221;default&#8221; custom_margin=&#8221;||60px||false|false&#8221; global_colors_info=&#8221;{}&#8221;][et_pb_column type=&#8221;2_5&#8243; _builder_version=&#8221;4.19.2&#8243; _module_preset=&#8221;default&#8221; global_colors_info=&#8221;{}&#8221;][et_pb_image src=&#8221;https:\/\/www.bellingua.ch\/wp-content\/uploads\/2023\/03\/Deutschkurse-hochkant_3-V2.jpg&#8221; alt=&#8221;Privatunterricht Deutsch&#8221; title_text=&#8221;Deutschkurse hochkant V2&#8243; url=&#8221;https:\/\/www.bellingua.ch\/kurse\/halbintensivkurs-teilzeit\/&#8221; _builder_version=&#8221;4.20.2&#8243; _module_preset=&#8221;default&#8221; global_colors_info=&#8221;{}&#8221;][\/et_pb_image][\/et_pb_column][et_pb_column type=&#8221;3_5&#8243; _builder_version=&#8221;4.19.2&#8243; _module_preset=&#8221;default&#8221; global_colors_info=&#8221;{}&#8221;][et_pb_text _builder_version=&#8221;4.27.4&#8243; _module_preset=&#8221;default&#8221; global_colors_info=&#8221;{}&#8221;]<\/p>\n<h2><a href=\"https:\/\/www.bellingua.ch\/en\/classes\/private-lessons-for-up-to-3-people\/\">German Private lessons<\/a><\/h2>\n<p>Our private lessons are designed for people who are looking for the greatest possible flexibility.<br \/>We offer private lessons for individuals or groups of up to 3 people.<\/p>\n<p><b>Days and times<\/b>: From Monday to Friday. Lesson times are freely selectable.<\/p>\n<p><b>Course materials:<\/b> Mostly digital, personal device (laptop or tablet) is mandatory<\/p>\n<p><b>Price:<\/b> CHF 108 per 45 minutes (individual lessons). CHF 20 for each additional person.<\/p>\n<p>A 5% discount is automatically granted if at least 7 lessons of 45 minutes (a total of 315 minutes) of private lessons are taken in a calender month.<\/p>\n<p><strong>Registration: <\/strong>Before you register, there is a free consultation meeting (in German or English) in order to find out more about your individual needs and goals.<\/p>\n<p>[\/et_pb_text][dipi_button_grid flex_direction=&#8221;row&#8221; justify_content=&#8221;flex-start&#8221; _builder_version=&#8221;4.27.4&#8243; _module_preset=&#8221;default&#8221; custom_button_grid=&#8221;on&#8221; button_grid_custom_padding=&#8221;5px|15px|5px|15px|true|true&#8221; custom_margin=&#8221;|||0px|false|false&#8221; custom_padding=&#8221;|||0px|false|false&#8221; locked=&#8221;off&#8221; global_colors_info=&#8221;{}&#8221;][dipi_button_grid_child button_text=&#8221;Free Consultation&#8221; button_link=&#8221;https:\/\/www.bellingua.ch\/en\/schedule-appointment-for-video-call\/&#8221; _builder_version=&#8221;4.27.4&#8243; _module_preset=&#8221;default&#8221; custom_margin=&#8221;|||0px|false|false&#8221; custom_padding=&#8221;||||false|false&#8221; global_colors_info=&#8221;{}&#8221;][\/dipi_button_grid_child][dipi_button_grid_child button_text=&#8221;Learn More&#8221; button_link=&#8221;https:\/\/www.bellingua.ch\/en\/classes\/private-lessons-for-up-to-3-people\/&#8221; _builder_version=&#8221;4.20.0&#8243; _module_preset=&#8221;default&#8221; global_colors_info=&#8221;{}&#8221;][\/dipi_button_grid_child][\/dipi_button_grid][\/et_pb_column][\/et_pb_row][et_pb_row column_structure=&#8221;1_2,1_2&#8243; disabled_on=&#8221;on|on|on&#8221; _builder_version=&#8221;4.27.4&#8243; _module_preset=&#8221;default&#8221; custom_margin=&#8221;||60px||false|false&#8221; disabled=&#8221;on&#8221; global_colors_info=&#8221;{}&#8221;][et_pb_column type=&#8221;1_2&#8243; _builder_version=&#8221;4.19.2&#8243; _module_preset=&#8221;default&#8221; global_colors_info=&#8221;{}&#8221;][et_pb_image src=&#8221;https:\/\/www.bellingua.ch\/wp-content\/uploads\/2023\/03\/Deutschkurse-hochkant_4-V2.jpg&#8221; alt=&#8221;Hybrider Deutschunterricht Z\u00fcrich&#8221; title_text=&#8221;Deutschkurse hochkant V2&#8243; _builder_version=&#8221;4.20.2&#8243; _module_preset=&#8221;default&#8221; global_colors_info=&#8221;{}&#8221;][\/et_pb_image][\/et_pb_column][et_pb_column type=&#8221;1_2&#8243; _builder_version=&#8221;4.19.2&#8243; _module_preset=&#8221;default&#8221; global_colors_info=&#8221;{}&#8221;][et_pb_text _builder_version=&#8221;4.20.2&#8243; _module_preset=&#8221;default&#8221; global_colors_info=&#8221;{}&#8221;]<strong>In Z\u00fcrich oder online<br \/>\n<\/strong><\/p>\n<h2><a href=\"https:\/\/www.bellingua.ch\/en\/impressions\/our-school\/\">Hybrider Deutschunterricht<\/a><\/h2>\n<p>Alle unsere Deutschkurse werden hybrid unterrichtet: Die Kursteilnehmenden k\u00f6nnen jederzeit nach Z\u00fcrich kommen oder sich per Video zuschalten.<\/p>\n<p>Drei Kameras nehmen gleichzeitig die Raumatmosph\u00e4re, die Lehrkraft und das Unterrichtsmaterial auf. Zugeschaltete Kursteilnehmende sitzen so praktisch direkt im Raum.<\/p>\n<p>Alles, was Sie dazu ben\u00f6tigen, ist ein internetf\u00e4higes Ger\u00e4t (am besten einen Laptop mit Webcam) und einen der g\u00e4ngigsten Browser.<\/p>\n<p>Unsere Kurse sind also perfekt f\u00fcr Sie geeignet, wenn Sie flexibel und ortsunabh\u00e4ngig lernen wollen.<br \/>\n[\/et_pb_text][dipi_button_grid flex_direction=&#8221;row&#8221; justify_content=&#8221;flex-start&#8221; _builder_version=&#8221;4.20.2&#8243; _module_preset=&#8221;default&#8221; custom_button_grid=&#8221;on&#8221; button_grid_custom_padding=&#8221;5px|15px|5px|15px|true|true&#8221; custom_margin=&#8221;|||0px|false|false&#8221; custom_padding=&#8221;|||0px|false|false&#8221; locked=&#8221;off&#8221; global_colors_info=&#8221;{}&#8221;][dipi_button_grid_child button_text=&#8221;Kostenlose Beratung&#8221; button_link=&#8221;https:\/\/www.bellingua.ch\/anmeldung-zum-beratungstermin\/&#8221; _builder_version=&#8221;4.20.2&#8243; _module_preset=&#8221;default&#8221; custom_margin=&#8221;|||0px|false|false&#8221; custom_padding=&#8221;||||false|false&#8221; global_colors_info=&#8221;{}&#8221;][\/dipi_button_grid_child][dipi_button_grid_child button_text=&#8221;Mehr Infos&#8221; button_link=&#8221;https:\/\/www.bellingua.ch\/impressionen\/schule\/&#8221; _builder_version=&#8221;4.20.0&#8243; _module_preset=&#8221;default&#8221; global_colors_info=&#8221;{}&#8221;][\/dipi_button_grid_child][\/dipi_button_grid][\/et_pb_column][\/et_pb_row][et_pb_row column_structure=&#8221;1_4,1_4,1_4,1_4&#8243; disabled_on=&#8221;on|on|on&#8221; admin_label=&#8221;Zeile&#8221; _builder_version=&#8221;4.27.4&#8243; _module_preset=&#8221;default&#8221; custom_margin=&#8221;||60px||false|false&#8221; disabled=&#8221;on&#8221; global_colors_info=&#8221;{}&#8221;][et_pb_column type=&#8221;1_4&#8243; _builder_version=&#8221;4.19.2&#8243; _module_preset=&#8221;default&#8221; global_colors_info=&#8221;{}&#8221;][et_pb_icon font_icon=&#8221;&#xe0f7;||divi||400&#8243; _builder_version=&#8221;4.20.2&#8243; _module_preset=&#8221;default&#8221; global_colors_info=&#8221;{}&#8221;][\/et_pb_icon][et_pb_text _builder_version=&#8221;4.27.4&#8243; _module_preset=&#8221;default&#8221; global_colors_info=&#8221;{}&#8221;]<\/p>\n<p style=\"text-align: center;\"><strong>Wahl der<br \/>\nKursform<\/strong><\/p>\n<p style=\"text-align: center;\">Struktur, Lerngeschwindigkeit und Zeiten\u00a0unserer Kurse sind so angelegt, dass wir die Bed\u00fcrfnisse unserer Studierenden abdecken k\u00f6nnen. Informieren Sie sich hier vorab \u00fcber unser Angebot.<\/p>\n<p>[\/et_pb_text][\/et_pb_column][et_pb_column type=&#8221;1_4&#8243; _builder_version=&#8221;4.19.2&#8243; _module_preset=&#8221;default&#8221; global_colors_info=&#8221;{}&#8221;][et_pb_icon font_icon=&#8221;&#x77;||divi||400&#8243; _builder_version=&#8221;4.19.2&#8243; _module_preset=&#8221;default&#8221; global_colors_info=&#8221;{}&#8221;][\/et_pb_icon][et_pb_text _builder_version=&#8221;4.27.4&#8243; _module_preset=&#8221;default&#8221; global_colors_info=&#8221;{}&#8221;]<\/p>\n<p style=\"text-align: center;\"><strong>Unverbindliches<br \/>\nBeratungsgespr\u00e4ch<\/strong><\/p>\n<p style=\"text-align: center;\"><strong>Ca. 20 Minuten. Pers\u00f6nlich vor Ort, per Telefon oder per Videokonferenz. <\/strong>Einfach zu unseren Gesch\u00e4ftszeiten vorbeikommen, anrufen (+41 44 250 20 00) oder <a href=\"https:\/\/www.bellingua.ch\/en\/schedule-appointment-for-meeting\/\">Termin vereinbaren<\/a>.<\/p>\n<p>[\/et_pb_text][\/et_pb_column][et_pb_column type=&#8221;1_4&#8243; _builder_version=&#8221;4.19.2&#8243; _module_preset=&#8221;default&#8221; global_colors_info=&#8221;{}&#8221;][et_pb_icon font_icon=&#8221;&#xf303;||fa||900&#8243; _builder_version=&#8221;4.20.2&#8243; _module_preset=&#8221;default&#8221; global_colors_info=&#8221;{}&#8221;][\/et_pb_icon][et_pb_text _builder_version=&#8221;4.27.4&#8243; _module_preset=&#8221;default&#8221; global_colors_info=&#8221;{}&#8221;]<\/p>\n<p style=\"text-align: center;\"><strong>Kostenloser<br \/>\nEinstufungstest<\/strong><\/p>\n<p style=\"text-align: center;\">Bei Vorkenntnissen findet <strong>vor Ort oder Remote ein ca. 20-min\u00fctiger Einstufungstest<\/strong> statt. Die Resultate und unsere Empfehlung werden nach 1 bis 2 Tagen im Anschluss an die Auswertung besprochen.<\/p>\n<p>[\/et_pb_text][\/et_pb_column][et_pb_column type=&#8221;1_4&#8243; _builder_version=&#8221;4.19.2&#8243; _module_preset=&#8221;default&#8221; global_colors_info=&#8221;{}&#8221;][et_pb_icon font_icon=&#8221;&#xf501;||fa||900&#8243; _builder_version=&#8221;4.20.2&#8243; _module_preset=&#8221;default&#8221; global_colors_info=&#8221;{}&#8221;][\/et_pb_icon][et_pb_text _builder_version=&#8221;4.20.2&#8243; _module_preset=&#8221;default&#8221; global_colors_info=&#8221;{}&#8221;]<\/p>\n<p style=\"text-align: center;\"><strong>Effektive<br \/>\nAnmeldung<\/strong><\/p>\n<p style=\"text-align: center;\">Im Anschluss erhalten Sie eine <strong>Offerte<\/strong>. Nach Unterzeichnung ist eine Anzahlung f\u00e4llig, die von der Kursgeb\u00fchr abgezogen und im Falle eines Kursabbruchs w\u00e4hrend der <strong>Geld-zur\u00fcck-Garantie<\/strong> zur\u00fcckerstattet wird.<\/p>\n<p>[\/et_pb_text][\/et_pb_column][\/et_pb_row][et_pb_row _builder_version=&#8221;4.20.2&#8243; _module_preset=&#8221;default&#8221; global_colors_info=&#8221;{}&#8221;][et_pb_column type=&#8221;4_4&#8243; _builder_version=&#8221;4.20.2&#8243; _module_preset=&#8221;default&#8221; global_colors_info=&#8221;{}&#8221;][et_pb_divider _builder_version=&#8221;4.20.2&#8243; _module_preset=&#8221;default&#8221; global_colors_info=&#8221;{}&#8221;][\/et_pb_divider][\/et_pb_column][\/et_pb_row][et_pb_row _builder_version=&#8221;4.27.4&#8243; _module_preset=&#8221;default&#8221; custom_margin=&#8221;||||false|false&#8221; global_colors_info=&#8221;{}&#8221;][et_pb_column type=&#8221;4_4&#8243; _builder_version=&#8221;4.19.2&#8243; _module_preset=&#8221;default&#8221; global_colors_info=&#8221;{}&#8221;][et_pb_text _builder_version=&#8221;4.27.5&#8243; _module_preset=&#8221;default&#8221; global_colors_info=&#8221;{}&#8221;]<\/p>\n<h1>What our customers say about Bellingua<\/h1>\n<p>[\/et_pb_text][dipi_testimonial use_hide_rating=&#8221;on&#8221; testimonial_categories=&#8221;44&#8243; use_show_popup_rating=&#8221;off&#8221; use_show_popup_company=&#8221;off&#8221; columns=&#8221;3&#8243; container_padding=&#8221;0px|30px|0px|30px|false|false&#8221; speed=&#8221;501&#8243; loop=&#8221;on&#8221; autoplay=&#8221;on&#8221; navigation=&#8221;on&#8221; centered=&#8221;on&#8221; use_navi_prev_icon=&#8221;on&#8221; navi_prev_icon=&#8221;&#x34;||divi||400&#8243; use_navi_next_icon=&#8221;on&#8221; navi_next_icon=&#8221;&#x35;||divi||400&#8243; navi_size=&#8221;20&#8243; img_width=&#8221;100px&#8221; columns_tablet=&#8221;3&#8243; columns_phone=&#8221;1&#8243; columns_last_edited=&#8221;on|phone&#8221; disabled_on=&#8221;on|on|on&#8221; _builder_version=&#8221;4.27.4&#8243; _module_preset=&#8221;default&#8221; disabled=&#8221;on&#8221; locked=&#8221;off&#8221; global_colors_info=&#8221;{}&#8221;][\/dipi_testimonial][et_pb_code _builder_version=&#8221;4.27.4&#8243; _module_preset=&#8221;default&#8221; locked=&#8221;off&#8221; global_colors_info=&#8221;{}&#8221;]<script defer async src='https:\/\/cdn.trustindex.io\/loader.js?f7a220b59a2b6370c3261bfddf9'><\/script>[\/et_pb_code][et_pb_text _builder_version=&#8221;4.19.2&#8243; _module_preset=&#8221;default&#8221; locked=&#8221;off&#8221; global_colors_info=&#8221;{}&#8221;]<\/p>\n<p style=\"text-align: center;\">You can find more customer feedbacks on our <a href=\"https:\/\/www.bellingua.ch\/en\/references\/feedback\/\">references page<\/a>.<\/p>\n<p>[\/et_pb_text][et_pb_divider _builder_version=&#8221;4.23.1&#8243; _module_preset=&#8221;default&#8221; locked=&#8221;off&#8221; global_colors_info=&#8221;{}&#8221;][\/et_pb_divider][\/et_pb_column][\/et_pb_row][et_pb_row disabled_on=&#8221;on|on|on&#8221; _builder_version=&#8221;4.27.4&#8243; _module_preset=&#8221;default&#8221; disabled=&#8221;on&#8221; global_colors_info=&#8221;{}&#8221;][et_pb_column type=&#8221;4_4&#8243; _builder_version=&#8221;4.19.2&#8243; _module_preset=&#8221;default&#8221; global_colors_info=&#8221;{}&#8221;][et_pb_text _builder_version=&#8221;4.19.2&#8243; _module_preset=&#8221;default&#8221; global_colors_info=&#8221;{}&#8221;]<\/p>\n<h2 style=\"text-align: center;\">Warum Bellingua die richtige Wahl ist<\/h2>\n<p>[\/et_pb_text][\/et_pb_column][\/et_pb_row][et_pb_row column_structure=&#8221;1_3,1_3,1_3&#8243; disabled_on=&#8221;on|on|on&#8221; _builder_version=&#8221;4.27.4&#8243; _module_preset=&#8221;default&#8221; custom_margin=&#8221;||60px||false|false&#8221; disabled=&#8221;on&#8221; global_colors_info=&#8221;{}&#8221;][et_pb_column type=&#8221;1_3&#8243; _builder_version=&#8221;4.19.2&#8243; _module_preset=&#8221;default&#8221; global_colors_info=&#8221;{}&#8221;][et_pb_icon font_icon=&#8221;&#xe031;||divi||400&#8243; _builder_version=&#8221;4.19.2&#8243; _module_preset=&#8221;default&#8221; global_colors_info=&#8221;{}&#8221;][\/et_pb_icon][et_pb_text _builder_version=&#8221;4.19.2&#8243; _module_preset=&#8221;default&#8221; global_colors_info=&#8221;{}&#8221;]<\/p>\n<p style=\"text-align: center;\"><strong>Die Bellingua-Qualit\u00e4t<\/strong><\/p>\n<p style=\"text-align: center;\">Dank kompetenter Lehrkr\u00e4fte, ausgekl\u00fcgelter Lernmaterialien und vorgegebenem Lehrplan garantieren wir das Bestehen von Goethe- und telc-Zertifikatspr\u00fcfungen.<\/p>\n<p>[\/et_pb_text][\/et_pb_column][et_pb_column type=&#8221;1_3&#8243; _builder_version=&#8221;4.19.2&#8243; _module_preset=&#8221;default&#8221; global_colors_info=&#8221;{}&#8221;][et_pb_icon font_icon=&#8221;&#x77;||divi||400&#8243; _builder_version=&#8221;4.19.2&#8243; _module_preset=&#8221;default&#8221; global_colors_info=&#8221;{}&#8221;][\/et_pb_icon][et_pb_text _builder_version=&#8221;4.19.2&#8243; _module_preset=&#8221;default&#8221; global_colors_info=&#8221;{}&#8221;]<\/p>\n<p style=\"text-align: center;\"><strong>Unsere Studierenden<\/strong><\/p>\n<p style=\"text-align: center;\">Die Vorbildung unserer Kursteilnehmenden ist zu 90% auf universit\u00e4rem Niveau. Unsere Kurse sind entsprechend anspruchsvoll. Die Gruppengr\u00f6sse betr\u00e4gt maximal 9 Personen.<\/p>\n<p>[\/et_pb_text][\/et_pb_column][et_pb_column type=&#8221;1_3&#8243; _builder_version=&#8221;4.19.2&#8243; _module_preset=&#8221;default&#8221; global_colors_info=&#8221;{}&#8221;][et_pb_icon font_icon=&#8221;&#xf51c;||fa||900&#8243; _builder_version=&#8221;4.19.2&#8243; _module_preset=&#8221;default&#8221; global_colors_info=&#8221;{}&#8221;][\/et_pb_icon][et_pb_text _builder_version=&#8221;4.19.2&#8243; _module_preset=&#8221;default&#8221; global_colors_info=&#8221;{}&#8221;]<\/p>\n<p style=\"text-align: center;\"><strong>Volle Flexibilit\u00e4t<\/strong><\/p>\n<p style=\"text-align: center;\">Entscheiden Sie vor jeder Lektion, ob Sie Ihren Deutschkurs vor Ort oder online besuchen. S\u00e4mtliche Vertr\u00e4ge sind k\u00fcndbar und die Kursl\u00e4nge flexibel.<\/p>\n<p>[\/et_pb_text][\/et_pb_column][\/et_pb_row][et_pb_row _builder_version=&#8221;4.27.4&#8243; _module_preset=&#8221;default&#8221; global_colors_info=&#8221;{}&#8221;][et_pb_column type=&#8221;4_4&#8243; _builder_version=&#8221;4.27.4&#8243; _module_preset=&#8221;default&#8221; global_colors_info=&#8221;{}&#8221;][et_pb_text _builder_version=&#8221;4.27.4&#8243; _module_preset=&#8221;default&#8221; global_colors_info=&#8221;{}&#8221;]<\/p>\n<h1>Ready to start with us?<\/h1>\n<p>[\/et_pb_text][\/et_pb_column][\/et_pb_row][et_pb_row column_structure=&#8221;1_3,1_3,1_3&#8243; disabled_on=&#8221;on|on|on&#8221; _builder_version=&#8221;4.27.4&#8243; custom_margin=&#8221;0px||||false|false&#8221; custom_padding=&#8221;0px||||false|false&#8221; disabled=&#8221;on&#8221; locked=&#8221;off&#8221; global_colors_info=&#8221;{}&#8221;][et_pb_column type=&#8221;1_3&#8243; _builder_version=&#8221;4.16&#8243; global_colors_info=&#8221;{}&#8221;][et_pb_toggle title=&#8221;Wahl der Kursform&#8221; open_toggle_text_color=&#8221;#990066&#8243; open_toggle_background_color=&#8221;#FFFFFF&#8221; icon_color=&#8221;#990066&#8243; open_icon_color=&#8221;#990066&#8243; disabled_on=&#8221;off|off|off&#8221; _builder_version=&#8221;4.27.4&#8243; title_text_color=&#8221;#990066&#8243; title_level=&#8221;h3&#8243; title_font=&#8221;||||||||&#8221; title_text_align=&#8221;left&#8221; background_color=&#8221;#f4f4f4&#8243; text_orientation=&#8221;left&#8221; module_alignment=&#8221;left&#8221; min_height=&#8221;55px&#8221; custom_padding=&#8221;6px|20px|6px|20px|true|true&#8221; custom_css_toggle_icon=&#8221;position:absolute;&#8221; custom_css_toggle_content=&#8221;padding-left:0;&#8221; border_style_all=&#8221;solid&#8221; border_style_left=&#8221;solid&#8221; global_colors_info=&#8221;{}&#8221;]Struktur, Lerngeschwindigkeit und Zeiten\u00a0unserer Kurse sind so angelegt, dass wir die Bed\u00fcrfnisse unserer Studierenden abdecken k\u00f6nnen. Informieren Sie sich hier vorab \u00fcber unser Angebot.<br \/>\n[\/et_pb_toggle][\/et_pb_column][et_pb_column type=&#8221;1_3&#8243; _builder_version=&#8221;4.16&#8243; global_colors_info=&#8221;{}&#8221;][et_pb_toggle title=&#8221;Unverbindliches Beratungsgespr\u00e4ch&#8221; open_toggle_text_color=&#8221;#990066&#8243; open_toggle_background_color=&#8221;#FFFFFF&#8221; icon_color=&#8221;#990066&#8243; open_icon_color=&#8221;#990066&#8243; disabled_on=&#8221;off|off|off&#8221; _builder_version=&#8221;4.27.4&#8243; title_text_color=&#8221;#990066&#8243; title_level=&#8221;h3&#8243; title_font=&#8221;||||||||&#8221; background_color=&#8221;#f4f4f4&#8243; min_height=&#8221;55px&#8221; custom_padding=&#8221;6px|20px|6px|20px|true|true&#8221; custom_css_toggle_icon=&#8221;position:absolute;&#8221; custom_css_toggle_content=&#8221;padding-left:0;&#8221; border_style_all=&#8221;solid&#8221; border_style_left=&#8221;solid&#8221; global_colors_info=&#8221;{}&#8221;]<strong>Ca. 20 Minuten. Pers\u00f6nlich vor Ort, per Telefon oder per Videokonferenz. <\/strong>Einfach zu unseren Gesch\u00e4ftszeiten vorbeikommen, anrufen (+41 44 250 20 00) oder <a href=\"https:\/\/www.bellingua.ch\/en\/schedule-appointment-for-meeting\/\">Termin vereinbaren<\/a>.<br \/>\n[\/et_pb_toggle][\/et_pb_column][et_pb_column type=&#8221;1_3&#8243; _builder_version=&#8221;4.16&#8243; global_colors_info=&#8221;{}&#8221;][et_pb_toggle title=&#8221;Kostenloser Einstufungstest&#8221; open_toggle_text_color=&#8221;#990066&#8243; open_toggle_background_color=&#8221;#FFFFFF&#8221; icon_color=&#8221;#990066&#8243; open_icon_color=&#8221;#990066&#8243; disabled_on=&#8221;off|off|off&#8221; _builder_version=&#8221;4.27.4&#8243; title_text_color=&#8221;#990066&#8243; title_level=&#8221;h3&#8243; title_font=&#8221;||||||||&#8221; title_text_align=&#8221;left&#8221; background_color=&#8221;#f4f4f4&#8243; text_orientation=&#8221;left&#8221; module_alignment=&#8221;left&#8221; min_height=&#8221;55px&#8221; custom_padding=&#8221;6px|20px|6px|20px|true|true&#8221; custom_css_toggle_icon=&#8221;position:absolute;&#8221; custom_css_toggle_content=&#8221;padding-left:0;&#8221; border_style_all=&#8221;solid&#8221; border_style_left=&#8221;solid&#8221; global_colors_info=&#8221;{}&#8221;]Bei Vorkenntnissen findet <strong>vor Ort oder Remote ein ca. 20-min\u00fctiger Einstufungstest<\/strong> statt. Die Resultate und unsere Empfehlung werden nach 1 bis 2 Tagen im Anschluss an die Auswertung besprochen.<br \/>\n[\/et_pb_toggle][\/et_pb_column][\/et_pb_row][et_pb_row _builder_version=&#8221;4.19.2&#8243; _module_preset=&#8221;default&#8221; global_colors_info=&#8221;{}&#8221;][et_pb_column type=&#8221;4_4&#8243; _builder_version=&#8221;4.19.2&#8243; _module_preset=&#8221;default&#8221; global_colors_info=&#8221;{}&#8221;][et_pb_divider disabled_on=&#8221;on|on|on&#8221; _builder_version=&#8221;4.27.4&#8243; _module_preset=&#8221;default&#8221; disabled=&#8221;on&#8221; locked=&#8221;off&#8221; global_colors_info=&#8221;{}&#8221;][\/et_pb_divider][et_pb_text _builder_version=&#8221;4.27.4&#8243; _module_preset=&#8221;default&#8221; global_colors_info=&#8221;{}&#8221;]<\/p>\n<h2 style=\"text-align: left;\">Set up an appointment for a meeting<\/h2>\n<p style=\"text-align: left;\">Before you register, there is a free consultation meeting (in German or English) in order to find out more about your individual needs and goals. Our customer advisors are available during our opening hours \u2013 in person at our school office, by phone or via video call. <b>Just drop in or give us a call (++41 44 250 20 00)<\/b>.<\/p>\n<p>[\/et_pb_text][et_pb_code _builder_version=&#8221;4.27.4&#8243; _module_preset=&#8221;default&#8221; locked=&#8221;off&#8221; global_colors_info=&#8221;{}&#8221;]<\/p>\n<div data-tf-live=\"01K4W8PM02NEDN2PJK7QES27FT\"><\/div>\n<p><script src=\"\/\/embed.typeform.com\/next\/embed.js\"><\/script>[\/et_pb_code][\/et_pb_column][\/et_pb_row][et_pb_row _builder_version=&#8221;4.20.2&#8243; _module_preset=&#8221;default&#8221; global_colors_info=&#8221;{}&#8221;][et_pb_column type=&#8221;4_4&#8243; _builder_version=&#8221;4.20.2&#8243; _module_preset=&#8221;default&#8221; global_colors_info=&#8221;{}&#8221;][et_pb_divider _builder_version=&#8221;4.20.2&#8243; _module_preset=&#8221;default&#8221; global_colors_info=&#8221;{}&#8221;][\/et_pb_divider][\/et_pb_column][\/et_pb_row][et_pb_row disabled_on=&#8221;on|on|on&#8221; _builder_version=&#8221;4.27.4&#8243; _module_preset=&#8221;default&#8221; custom_margin=&#8221;||20px||false|false&#8221; disabled=&#8221;on&#8221; global_colors_info=&#8221;{}&#8221;][et_pb_column type=&#8221;4_4&#8243; _builder_version=&#8221;4.20.2&#8243; _module_preset=&#8221;default&#8221; global_colors_info=&#8221;{}&#8221;][et_pb_text _builder_version=&#8221;4.27.4&#8243; _module_preset=&#8221;default&#8221; custom_padding=&#8221;61px|||||&#8221; global_colors_info=&#8221;{}&#8221;]<\/p>\n<h2 style=\"text-align: center;\">Kostenlose Einstufungstests<\/h2>\n<div style=\"text-align: center;\">Unsere kostenlosen Einstufungstests helfen uns dabei zu bestimmen, welche Stufe als idealer Einstieg dient. Die <a href=\"https:\/\/www.bellingua.ch\/en\/classes\/course-levels\/\">Grundstufe<\/a> besteht aus den Niveaus A1, A2 und B1. \u00a0Die fortgeschrittenen Niveaus bilden die Stufen B2, C1 und C2.<\/div>\n<div style=\"text-align: center;\"><\/div>\n<div style=\"text-align: center;\">Kundinnen und Kunden, die bereits Vorkenntnisse haben, werden vor Kursbeginn m\u00fcndlich eingestuft und haben die M\u00f6glichkeit, kostenlos einen Einstufungstest abzulegen. Der Test dauert je nach Stufe ca. 20 Minuten und wird von ausgew\u00e4hlten Lehrkr\u00e4ften korrigiert und ausgewertet. Die Ergebnisbesprechung findet in der Regel 1 bis 2 Tage sp\u00e4ter statt und beinhaltet auch unsere Kursempfehlung. F\u00fcr maximale Flexibilit\u00e4t bieten wir die M\u00f6glichkeit, den Einstufungstest entweder vor Ort oder bequem von zu Hause aus online zu schreiben.<\/div>\n<p>[\/et_pb_text][\/et_pb_column][\/et_pb_row][et_pb_row disabled_on=&#8221;on|on|on&#8221; _builder_version=&#8221;4.27.4&#8243; _module_preset=&#8221;default&#8221; custom_margin=&#8221;||20px||false|false&#8221; disabled=&#8221;on&#8221; global_colors_info=&#8221;{}&#8221;][et_pb_column type=&#8221;4_4&#8243; _builder_version=&#8221;4.20.2&#8243; _module_preset=&#8221;default&#8221; global_colors_info=&#8221;{}&#8221;][et_pb_text _builder_version=&#8221;4.20.2&#8243; _module_preset=&#8221;default&#8221; global_colors_info=&#8221;{}&#8221;]<\/p>\n<h2 style=\"text-align: center;\">Gratis-Sprechtraining \u00fcber Mittag<\/h2>\n<div style=\"text-align: center;\">Als kostenloses Angebot f\u00fcr unsere Kursteilnehmenden bieten wir ein <a href=\"https:\/\/www.bellingua.ch\/en\/free-video-conversation-classes\/\">Sprechtraining \u00fcber Mittag<\/a> an. Unser Ziel ist es, die m\u00fcndliche Ausdrucksf\u00e4higkeit unserer Kursteilnehmenden zu verbessern und das im Kurs erlernte Wissen anzuwenden. Die vorgegebenen Themen erm\u00f6glichen eine Festigung des Wortschatzes sowie das Training verschiedener Gespr\u00e4chsformen.<\/div>\n<div><\/div>\n<div style=\"text-align: center;\">Weitere Informationen zu Terminen und Umfang des Sprechtrainings findet man <a href=\"https:\/\/www.bellingua.ch\/en\/free-video-conversation-classes\/\">hier<\/a>.<\/div>\n<p>[\/et_pb_text][\/et_pb_column][\/et_pb_row][et_pb_row disabled_on=&#8221;on|on|on&#8221; _builder_version=&#8221;4.27.4&#8243; _module_preset=&#8221;default&#8221; custom_margin=&#8221;0px||40px||false|false&#8221; disabled=&#8221;on&#8221; global_colors_info=&#8221;{}&#8221;][et_pb_column type=&#8221;4_4&#8243; _builder_version=&#8221;4.20.2&#8243; _module_preset=&#8221;default&#8221; global_colors_info=&#8221;{}&#8221;][et_pb_text _builder_version=&#8221;4.27.4&#8243; _module_preset=&#8221;default&#8221; global_colors_info=&#8221;{}&#8221;]<\/p>\n<h2 style=\"text-align: center;\">Regelm\u00e4ssige Modultests<\/h2>\n<p style=\"text-align: center;\">Unsere Kurse sind in mehrere Module gegliedert, die mit regelm\u00e4ssigen Tests abgeschlossen werden. Diese schriftlichen und m\u00fcndlichen Bewertungen bieten eine wertvolle Grundlage zur Einsch\u00e4tzung des individuellen Lernfortschritts. So stellen wir eine einheitliche Kursdynamik sicher und k\u00f6nnen unsere Kursteilnehmenden gezielt beraten und optimal unterst\u00fctzen.<\/p>\n<p style=\"text-align: center;\">Weitere Informationen zu unseren Modultests findet man <a href=\"https:\/\/www.bellingua.ch\/en\/classes\/unit-tests\/\">hier<\/a>.<\/p>\n<p>[\/et_pb_text][\/et_pb_column][\/et_pb_row][\/et_pb_section]<\/p>\n","protected":false},"excerpt":{"rendered":"<p>German courses Zurich: Learn German with Bellingua Language School Bellingua is a unique language school located in the center of Zurich, just a 5 minutes&#8217; walk from the main train station. For 20 years, we have been offering a wide range of German courses specifically designed for fast-learning adults. With our current teaching methods, tradition [&hellip;]<\/p>\n","protected":false},"author":2,"featured_media":0,"parent":0,"menu_order":0,"comment_status":"closed","ping_status":"closed","template":"","meta":{"_et_pb_use_builder":"on","_et_pb_old_content":"","_et_gb_content_width":"","footnotes":""},"dipi_cpt_category":[],"class_list":["post-20713","page","type-page","status-publish","hentry"],"_links":{"self":[{"href":"https:\/\/www.bellingua.ch\/en\/wp-json\/wp\/v2\/pages\/20713","targetHints":{"allow":["GET"]}}],"collection":[{"href":"https:\/\/www.bellingua.ch\/en\/wp-json\/wp\/v2\/pages"}],"about":[{"href":"https:\/\/www.bellingua.ch\/en\/wp-json\/wp\/v2\/types\/page"}],"author":[{"embeddable":true,"href":"https:\/\/www.bellingua.ch\/en\/wp-json\/wp\/v2\/users\/2"}],"replies":[{"embeddable":true,"href":"https:\/\/www.bellingua.ch\/en\/wp-json\/wp\/v2\/comments?post=20713"}],"version-history":[{"count":22,"href":"https:\/\/www.bellingua.ch\/en\/wp-json\/wp\/v2\/pages\/20713\/revisions"}],"predecessor-version":[{"id":20736,"href":"https:\/\/www.bellingua.ch\/en\/wp-json\/wp\/v2\/pages\/20713\/revisions\/20736"}],"wp:attachment":[{"href":"https:\/\/www.bellingua.ch\/en\/wp-json\/wp\/v2\/media?parent=20713"}],"wp:term":[{"taxonomy":"dipi_cpt_category","embeddable":true,"href":"https:\/\/www.bellingua.ch\/en\/wp-json\/wp\/v2\/dipi_cpt_category?post=20713"}],"curies":[{"name":"wp","href":"https:\/\/api.w.org\/{rel}","templated":true}]}}